{"id":115,"date":"2018-09-05T15:15:12","date_gmt":"2018-09-05T13:15:12","guid":{"rendered":"http:\/\/harasdumille.com\/harasdumille.com\/WP\/?page_id=115"},"modified":"2020-08-30T16:12:51","modified_gmt":"2020-08-30T14:12:51","slug":"ecurie","status":"publish","type":"page","link":"https:\/\/harasdumille.com\/index.php\/ecurie\/","title":{"rendered":"Ecurie"},"content":{"rendered":"<p><img loading=\"lazy\" class=\"wp-image-347  alignleft\" src=\"http:\/\/harasdumille.com\/harasdumille.com\/WP\/wp-content\/uploads\/2019\/04\/photo-aerienne-haras-300x300.jpg\" alt=\"\" width=\"227\" height=\"227\" srcset=\"https:\/\/harasdumille.com\/wp-content\/uploads\/2019\/04\/photo-aerienne-haras-300x300.jpg 300w, https:\/\/harasdumille.com\/wp-content\/uploads\/2019\/04\/photo-aerienne-haras-150x150.jpg 150w, https:\/\/harasdumille.com\/wp-content\/uploads\/2019\/04\/photo-aerienne-haras-768x768.jpg 768w, https:\/\/harasdumille.com\/wp-content\/uploads\/2019\/04\/photo-aerienne-haras.jpg 960w\" sizes=\"(max-width: 227px) 100vw, 227px\" \/><span style=\"font-size: 16px;\">Votre centre \u00e9questre Haras du Mille est situ\u00e9 dans le nord du Bas-Rhin sur la commune de Pfaffenhoffen \u00e0 30 minutes de Strabourg et 20 minutes d&rsquo;Haguenau<\/span><\/p>\n<p>Son infrastructure moderne a \u00e9t\u00e9 pens\u00e9e autour du bien \u00eatre des chevaux et des cavaliers.<\/p>\n<p>Des mat\u00e9riaux de qualit\u00e9 ont \u00e9t\u00e9 utilis\u00e9s pour la fabrication des boxes et des infrastructures : tout a \u00e9t\u00e9 con\u00e7u pour faciliter le travail de vos chevaux.<\/p>\n<ul>\n<li><em>Des boxes int\u00e9rieurs de 4&#215;3 m<\/em><\/li>\n<li><em>\u00a0Des boxes ext\u00e9rieurs de 3&#215;3 m<\/em><\/li>\n<li><em>Une carri\u00e8re couverte de 36&#215;22 m<\/em><\/li>\n<li><em>Une carri\u00e8re\u00a0de 65&#215;60 en sable quartz type fontainebleau avec terrasse panoramique<\/em><\/li>\n<li><em>Un parc d&rsquo;obstacle type comp\u00e9tition<\/em><\/li>\n<li><em>Deux douches dont une \u00e0 l&rsquo;eau chaude<\/em><\/li>\n<li><em>Un casier individuel dans sellerie chauff\u00e9e<\/em><\/li>\n<li><em>Un club house climatis\u00e9.<\/em><\/li>\n<li><em>Un solarium<\/em><\/li>\n<li><em>Paddock personnel et\u00a0 privatis\u00e9 pour les chevaux de propri\u00e9taires<\/em><\/li>\n<\/ul>\n\n\t\t<style type=\"text\/css\">\n\t\t\t#gallery-1 {\n\t\t\t\tmargin: auto;\n\t\t\t}\n\t\t\t#gallery-1 .gallery-item {\n\t\t\t\tfloat: left;\n\t\t\t\tmargin-top: 10px;\n\t\t\t\ttext-align: center;\n\t\t\t\twidth: 33%;\n\t\t\t}\n\t\t\t#gallery-1 img {\n\t\t\t\tborder: 2px solid #cfcfcf;\n\t\t\t}\n\t\t\t#gallery-1 .gallery-caption {\n\t\t\t\tmargin-left: 0;\n\t\t\t}\n\t\t\t\/* see gallery_shortcode() in wp-includes\/media.php *\/\n\t\t<\/style>\n\t\t<div id='gallery-1' class='gallery galleryid-115 gallery-columns-3 gallery-size-thumbnail'><dl class='gallery-item'>\n\t\t\t<dt class='gallery-icon landscape'>\n\t\t\t\t<a href='https:\/\/harasdumille.com\/index.php\/pension\/carriere-1\/'><img width=\"150\" height=\"150\" src=\"https:\/\/harasdumille.com\/wp-content\/uploads\/2018\/09\/carri\u00e8re-1-150x150.jpg\" class=\"attachment-thumbnail size-thumbnail\" alt=\"\" loading=\"lazy\" \/><\/a>\n\t\t\t<\/dt><\/dl><dl class='gallery-item'>\n\t\t\t<dt class='gallery-icon portrait'>\n\t\t\t\t<a href='https:\/\/harasdumille.com\/index.php\/pension\/manege-2\/'><img width=\"150\" height=\"150\" src=\"https:\/\/harasdumille.com\/wp-content\/uploads\/2018\/09\/man\u00e8ge-2-150x150.jpg\" class=\"attachment-thumbnail size-thumbnail\" alt=\"\" loading=\"lazy\" \/><\/a>\n\t\t\t<\/dt><\/dl><dl class='gallery-item'>\n\t\t\t<dt class='gallery-icon portrait'>\n\t\t\t\t<a href='https:\/\/harasdumille.com\/index.php\/pension\/manege-3\/'><img width=\"150\" height=\"150\" src=\"https:\/\/harasdumille.com\/wp-content\/uploads\/2018\/09\/man\u00e8ge-3-150x150.jpg\" class=\"attachment-thumbnail size-thumbnail\" alt=\"\" loading=\"lazy\" \/><\/a>\n\t\t\t<\/dt><\/dl><br style=\"clear: both\" \/><dl class='gallery-item'>\n\t\t\t<dt class='gallery-icon landscape'>\n\t\t\t\t<a href='https:\/\/harasdumille.com\/index.php\/pension\/manege-4\/'><img width=\"150\" height=\"150\" src=\"https:\/\/harasdumille.com\/wp-content\/uploads\/2018\/09\/man\u00e8ge-4-150x150.jpg\" class=\"attachment-thumbnail size-thumbnail\" alt=\"\" loading=\"lazy\" \/><\/a>\n\t\t\t<\/dt><\/dl><dl class='gallery-item'>\n\t\t\t<dt class='gallery-icon landscape'>\n\t\t\t\t<a href='https:\/\/harasdumille.com\/index.php\/ecurie\/carriere-exterieure-hdm\/'><img width=\"150\" height=\"150\" src=\"https:\/\/harasdumille.com\/wp-content\/uploads\/2018\/08\/CARRIERE-EXTERIEURE-HDM-150x150.jpg\" class=\"attachment-thumbnail size-thumbnail\" alt=\"Centre Equestre Haras du Mille Poney Club\" loading=\"lazy\" \/><\/a>\n\t\t\t<\/dt><\/dl><dl class='gallery-item'>\n\t\t\t<dt class='gallery-icon landscape'>\n\t\t\t\t<a href='https:\/\/harasdumille.com\/index.php\/pension\/manere-1\/'><img width=\"150\" height=\"150\" src=\"https:\/\/harasdumille.com\/wp-content\/uploads\/2018\/09\/man\u00e8re-1-150x150.jpg\" class=\"attachment-thumbnail size-thumbnail\" alt=\"\" loading=\"lazy\" \/><\/a>\n\t\t\t<\/dt><\/dl><br style=\"clear: both\" \/><dl class='gallery-item'>\n\t\t\t<dt class='gallery-icon landscape'>\n\t\t\t\t<a href='https:\/\/harasdumille.com\/index.php\/pension\/sellerie-hdm\/'><img width=\"150\" height=\"150\" src=\"https:\/\/harasdumille.com\/wp-content\/uploads\/2018\/09\/sellerie-Hdm-150x150.jpg\" class=\"attachment-thumbnail size-thumbnail\" alt=\"\" loading=\"lazy\" \/><\/a>\n\t\t\t<\/dt><\/dl><dl class='gallery-item'>\n\t\t\t<dt class='gallery-icon landscape'>\n\t\t\t\t<a href='https:\/\/harasdumille.com\/index.php\/pension\/solarium\/'><img width=\"150\" height=\"150\" src=\"https:\/\/harasdumille.com\/wp-content\/uploads\/2018\/09\/solarium-150x150.jpg\" class=\"attachment-thumbnail size-thumbnail\" alt=\"\" loading=\"lazy\" \/><\/a>\n\t\t\t<\/dt><\/dl><dl class='gallery-item'>\n\t\t\t<dt class='gallery-icon landscape'>\n\t\t\t\t<a href='https:\/\/harasdumille.com\/index.php\/pension\/ecurie-1\/'><img width=\"150\" height=\"150\" src=\"https:\/\/harasdumille.com\/wp-content\/uploads\/2018\/09\/ecurie-1-150x150.jpg\" class=\"attachment-thumbnail size-thumbnail\" alt=\"\" loading=\"lazy\" \/><\/a>\n\t\t\t<\/dt><\/dl><br style=\"clear: both\" \/>\n\t\t<\/div>\n\n","protected":false},"excerpt":{"rendered":"<p>Votre centre \u00e9questre Haras du Mille est situ\u00e9 dans le nord du Bas-Rhin sur la commune de Pfaffenhoffen \u00e0 30 minutes de Strabourg et 20 minutes d&rsquo;Haguenau Son infrastructure moderne a \u00e9t\u00e9 pens\u00e9e autour du bien \u00eatre des chevaux et des cavaliers. Des mat\u00e9riaux de qualit\u00e9 ont \u00e9t\u00e9 utilis\u00e9s pour<a href=\"https:\/\/harasdumille.com\/index.php\/ecurie\/\" class=\"read-more\">Read More<\/a><\/p>\n","protected":false},"author":1,"featured_media":0,"parent":0,"menu_order":0,"comment_status":"closed","ping_status":"closed","template":"","meta":[],"yoast_head":"<!-- This site is optimized with the Yoast SEO plugin v17.0 - https:\/\/yoast.com\/wordpress\/plugins\/seo\/ -->\n<title>Ecurie - Haras du Mille Centre \u00e9questre<\/title>\n<meta name=\"robots\" content=\"index, follow, max-snippet:-1, max-image-preview:large, max-video-preview:-1\" \/>\n<link rel=\"canonical\" href=\"https:\/\/harasdumille.com\/index.php\/ecurie\/\" \/>\n<meta property=\"og:locale\" content=\"fr_FR\" \/>\n<meta property=\"og:type\" content=\"article\" \/>\n<meta property=\"og:title\" content=\"Ecurie - Haras du Mille Centre \u00e9questre\" \/>\n<meta property=\"og:description\" content=\"Votre centre \u00e9questre Haras du Mille est situ\u00e9 dans le nord du Bas-Rhin sur la commune de Pfaffenhoffen \u00e0 30 minutes de Strabourg et 20 minutes d&rsquo;Haguenau Son infrastructure moderne a \u00e9t\u00e9 pens\u00e9e autour du bien \u00eatre des chevaux et des cavaliers. Des mat\u00e9riaux de qualit\u00e9 ont \u00e9t\u00e9 utilis\u00e9s pourRead More\" \/>\n<meta property=\"og:url\" content=\"https:\/\/harasdumille.com\/index.php\/ecurie\/\" \/>\n<meta property=\"og:site_name\" content=\"Haras du Mille Centre \u00e9questre\" \/>\n<meta property=\"article:modified_time\" content=\"2020-08-30T14:12:51+00:00\" \/>\n<meta property=\"og:image\" content=\"http:\/\/harasdumille.com\/wp-content\/uploads\/2018\/09\/carri\u00e8re-1-150x150.jpg\" \/>\n<meta name=\"twitter:card\" content=\"summary_large_image\" \/>\n<meta name=\"twitter:label1\" content=\"Dur\u00e9e de lecture est.\" \/>\n\t<meta name=\"twitter:data1\" content=\"1 minute\" \/>\n<script type=\"application\/ld+json\" class=\"yoast-schema-graph\">{\"@context\":\"https:\/\/schema.org\",\"@graph\":[{\"@type\":\"WebSite\",\"@id\":\"http:\/\/harasdumille.com\/#website\",\"url\":\"http:\/\/harasdumille.com\/\",\"name\":\"Haras du Mille Centre \\u00e9questre\",\"description\":\"\",\"potentialAction\":[{\"@type\":\"SearchAction\",\"target\":{\"@type\":\"EntryPoint\",\"urlTemplate\":\"http:\/\/harasdumille.com\/?s={search_term_string}\"},\"query-input\":\"required name=search_term_string\"}],\"inLanguage\":\"fr-FR\"},{\"@type\":\"ImageObject\",\"@id\":\"https:\/\/harasdumille.com\/index.php\/ecurie\/#primaryimage\",\"inLanguage\":\"fr-FR\",\"url\":\"http:\/\/harasdumille.com\/harasdumille.com\/WP\/wp-content\/uploads\/2019\/04\/photo-aerienne-haras-300x300.jpg\",\"contentUrl\":\"http:\/\/harasdumille.com\/harasdumille.com\/WP\/wp-content\/uploads\/2019\/04\/photo-aerienne-haras-300x300.jpg\"},{\"@type\":\"WebPage\",\"@id\":\"https:\/\/harasdumille.com\/index.php\/ecurie\/#webpage\",\"url\":\"https:\/\/harasdumille.com\/index.php\/ecurie\/\",\"name\":\"Ecurie - Haras du Mille Centre \\u00e9questre\",\"isPartOf\":{\"@id\":\"http:\/\/harasdumille.com\/#website\"},\"primaryImageOfPage\":{\"@id\":\"https:\/\/harasdumille.com\/index.php\/ecurie\/#primaryimage\"},\"datePublished\":\"2018-09-05T13:15:12+00:00\",\"dateModified\":\"2020-08-30T14:12:51+00:00\",\"breadcrumb\":{\"@id\":\"https:\/\/harasdumille.com\/index.php\/ecurie\/#breadcrumb\"},\"inLanguage\":\"fr-FR\",\"potentialAction\":[{\"@type\":\"ReadAction\",\"target\":[\"https:\/\/harasdumille.com\/index.php\/ecurie\/\"]}]},{\"@type\":\"BreadcrumbList\",\"@id\":\"https:\/\/harasdumille.com\/index.php\/ecurie\/#breadcrumb\",\"itemListElement\":[{\"@type\":\"ListItem\",\"position\":1,\"name\":\"Accueil\",\"item\":\"http:\/\/harasdumille.com\/\"},{\"@type\":\"ListItem\",\"position\":2,\"name\":\"Ecurie\"}]}]}<\/script>\n<!-- \/ Yoast SEO plugin. -->","yoast_head_json":{"title":"Ecurie - Haras du Mille Centre \u00e9questre","robots":{"index":"index","follow":"follow","max-snippet":"max-snippet:-1","max-image-preview":"max-image-preview:large","max-video-preview":"max-video-preview:-1"},"canonical":"https:\/\/harasdumille.com\/index.php\/ecurie\/","og_locale":"fr_FR","og_type":"article","og_title":"Ecurie - Haras du Mille Centre \u00e9questre","og_description":"Votre centre \u00e9questre Haras du Mille est situ\u00e9 dans le nord du Bas-Rhin sur la commune de Pfaffenhoffen \u00e0 30 minutes de Strabourg et 20 minutes d&rsquo;Haguenau Son infrastructure moderne a \u00e9t\u00e9 pens\u00e9e autour du bien \u00eatre des chevaux et des cavaliers. Des mat\u00e9riaux de qualit\u00e9 ont \u00e9t\u00e9 utilis\u00e9s pourRead More","og_url":"https:\/\/harasdumille.com\/index.php\/ecurie\/","og_site_name":"Haras du Mille Centre \u00e9questre","article_modified_time":"2020-08-30T14:12:51+00:00","og_image":[{"url":"http:\/\/harasdumille.com\/wp-content\/uploads\/2018\/09\/carri\u00e8re-1-150x150.jpg"}],"twitter_card":"summary_large_image","twitter_misc":{"Dur\u00e9e de lecture est.":"1 minute"},"schema":{"@context":"https:\/\/schema.org","@graph":[{"@type":"WebSite","@id":"http:\/\/harasdumille.com\/#website","url":"http:\/\/harasdumille.com\/","name":"Haras du Mille Centre \u00e9questre","description":"","potentialAction":[{"@type":"SearchAction","target":{"@type":"EntryPoint","urlTemplate":"http:\/\/harasdumille.com\/?s={search_term_string}"},"query-input":"required name=search_term_string"}],"inLanguage":"fr-FR"},{"@type":"ImageObject","@id":"https:\/\/harasdumille.com\/index.php\/ecurie\/#primaryimage","inLanguage":"fr-FR","url":"http:\/\/harasdumille.com\/harasdumille.com\/WP\/wp-content\/uploads\/2019\/04\/photo-aerienne-haras-300x300.jpg","contentUrl":"http:\/\/harasdumille.com\/harasdumille.com\/WP\/wp-content\/uploads\/2019\/04\/photo-aerienne-haras-300x300.jpg"},{"@type":"WebPage","@id":"https:\/\/harasdumille.com\/index.php\/ecurie\/#webpage","url":"https:\/\/harasdumille.com\/index.php\/ecurie\/","name":"Ecurie - Haras du Mille Centre \u00e9questre","isPartOf":{"@id":"http:\/\/harasdumille.com\/#website"},"primaryImageOfPage":{"@id":"https:\/\/harasdumille.com\/index.php\/ecurie\/#primaryimage"},"datePublished":"2018-09-05T13:15:12+00:00","dateModified":"2020-08-30T14:12:51+00:00","breadcrumb":{"@id":"https:\/\/harasdumille.com\/index.php\/ecurie\/#breadcrumb"},"inLanguage":"fr-FR","potentialAction":[{"@type":"ReadAction","target":["https:\/\/harasdumille.com\/index.php\/ecurie\/"]}]},{"@type":"BreadcrumbList","@id":"https:\/\/harasdumille.com\/index.php\/ecurie\/#breadcrumb","itemListElement":[{"@type":"ListItem","position":1,"name":"Accueil","item":"http:\/\/harasdumille.com\/"},{"@type":"ListItem","position":2,"name":"Ecurie"}]}]}},"_links":{"self":[{"href":"https:\/\/harasdumille.com\/index.php\/wp-json\/wp\/v2\/pages\/115"}],"collection":[{"href":"https:\/\/harasdumille.com\/index.php\/wp-json\/wp\/v2\/pages"}],"about":[{"href":"https:\/\/harasdumille.com\/index.php\/wp-json\/wp\/v2\/types\/page"}],"author":[{"embeddable":true,"href":"https:\/\/harasdumille.com\/index.php\/wp-json\/wp\/v2\/users\/1"}],"replies":[{"embeddable":true,"href":"https:\/\/harasdumille.com\/index.php\/wp-json\/wp\/v2\/comments?post=115"}],"version-history":[{"count":10,"href":"https:\/\/harasdumille.com\/index.php\/wp-json\/wp\/v2\/pages\/115\/revisions"}],"predecessor-version":[{"id":408,"href":"https:\/\/harasdumille.com\/index.php\/wp-json\/wp\/v2\/pages\/115\/revisions\/408"}],"wp:attachment":[{"href":"https:\/\/harasdumille.com\/index.php\/wp-json\/wp\/v2\/media?parent=115"}],"curies":[{"name":"wp","href":"https:\/\/api.w.org\/{rel}","templated":true}]}}